{"id":7,"date":"2025-11-05T03:35:43","date_gmt":"2025-11-05T03:35:43","guid":{"rendered":"https:\/\/vitorribeiro2026.pt\/?page_id=7"},"modified":"2025-11-05T03:46:34","modified_gmt":"2025-11-05T03:46:34","slug":"vitor-ribeiro-2026","status":"publish","type":"page","link":"https:\/\/vitorribeiro2026.pt\/index.php\/vitor-ribeiro-2026\/","title":{"rendered":"Vitor Ribeiro 2026"},"content":{"rendered":"\t\t<div data-elementor-type=\"wp-post\" data-elementor-id=\"7\" class=\"elementor elementor-7\">\n\t\t\t\t<div class=\"elementor-element elementor-element-f3d851b e-flex e-con-boxed e-con e-parent\" data-id=\"f3d851b\" data-element_type=\"container\">\n\t\t\t\t\t<div class=\"e-con-inner\">\n\t\t\t\t<div class=\"elementor-element elementor-element-f899f6c elementor-widget elementor-widget-image\" data-id=\"f899f6c\" data-element_type=\"widget\" data-widget_type=\"image.default\">\n\t\t\t\t\t\t\t\t\t\t\t\t\t\t\t<img fetchpriority=\"high\" decoding=\"async\" width=\"851\" height=\"315\" src=\"https:\/\/vitorribeiro2026.pt\/wp-content\/uploads\/2025\/11\/Design-sem-nome-1.png\" class=\"attachment-large size-large wp-image-17\" alt=\"\" srcset=\"https:\/\/vitorribeiro2026.pt\/wp-content\/uploads\/2025\/11\/Design-sem-nome-1.png 851w, https:\/\/vitorribeiro2026.pt\/wp-content\/uploads\/2025\/11\/Design-sem-nome-1-300x111.png 300w, https:\/\/vitorribeiro2026.pt\/wp-content\/uploads\/2025\/11\/Design-sem-nome-1-768x284.png 768w\" sizes=\"(max-width: 851px) 100vw, 851px\" \/>\t\t\t\t\t\t\t\t\t\t\t\t\t\t\t<\/div>\n\t\t\t\t\t<\/div>\n\t\t\t\t<\/div>\n\t\t<div class=\"elementor-element elementor-element-24af2d4 e-flex e-con-boxed e-con e-parent\" data-id=\"24af2d4\" data-element_type=\"container\">\n\t\t\t\t\t<div class=\"e-con-inner\">\n\t\t\t\t<div class=\"elementor-element elementor-element-e85003b elementor-widget elementor-widget-text-editor\" data-id=\"e85003b\" data-element_type=\"widget\" data-widget_type=\"text-editor.default\">\n\t\t\t\t\t\t\t\t\t<h1 style=\"-webkit-tap-highlight-color: transparent; font-size: 3.25rem; margin: 0px; transition: none; color: rgba(0, 0, 0, 0.85); padding: 0px 0px 1.875rem; text-align: center; position: relative; letter-spacing: normal; overflow: hidden; line-height: 1.3; font-family: 'Raleway Flex', Raleway-Fallback, 'Apple Color Emoji', 'Noto Color Emoji', sans-serif; text-wrap-mode: wrap;\" data-wnd_is_separable=\"1\" data-wnd_separable_index=\"0\" data-wnd_separable_id=\"wnd_TextBlock_60901762009897747850\"><span style=\"-webkit-tap-highlight-color: transparent; font-weight: bold; transition: none;\"><span style=\"-webkit-tap-highlight-color: transparent; transition: none; font-size: 62.4px;\">Biografia<\/span><\/span><\/h1>\n<p style=\"-webkit-tap-highlight-color: transparent; transition: none; padding: 0px 0px 1rem; margin: 0px; text-align: justify; color: rgba(0, 0, 0, 0.7); font-family: 'Raleway Flex', Raleway-Fallback, 'Apple Color Emoji', 'Noto Color Emoji', sans-serif; font-size: 18px; letter-spacing: normal; text-wrap-mode: wrap;\" data-wnd_is_separable=\"1\" data-wnd_separable_index=\"1\" data-wnd_separable_id=\"wnd_TextBlock_60901762009897747850\"><span style=\"-webkit-tap-highlight-color: transparent; transition: none; font-size: 21.6px;\">Vitor Miguel Ramos Ribeiro,<\/span><\/p>\n<p style=\"-webkit-tap-highlight-color: transparent; transition: none; padding: 0px 0px 1rem; margin: 0px; text-align: justify; color: rgba(0, 0, 0, 0.7); font-family: 'Raleway Flex', Raleway-Fallback, 'Apple Color Emoji', 'Noto Color Emoji', sans-serif; font-size: 18px; letter-spacing: normal; text-wrap-mode: wrap;\" data-wnd_is_separable=\"1\" data-wnd_separable_index=\"2\" data-wnd_separable_id=\"wnd_TextBlock_60901762009897747850\"><span style=\"-webkit-tap-highlight-color: transparent; transition: none; font-size: 21.6px;\">nascido em S\u00e3o Juli\u00e3o da Figueira da Foz em 1986, mudou-se para Quiaios em 1995 e a\u00ed reside desde ent\u00e3o.<\/span><\/p>\n<p style=\"-webkit-tap-highlight-color: transparent; transition: none; padding: 0px 0px 1rem; margin: 0px; text-align: justify; color: rgba(0, 0, 0, 0.7); font-family: 'Raleway Flex', Raleway-Fallback, 'Apple Color Emoji', 'Noto Color Emoji', sans-serif; font-size: 18px; letter-spacing: normal; text-wrap-mode: wrap;\" data-wnd_is_separable=\"1\" data-wnd_separable_index=\"3\" data-wnd_separable_id=\"wnd_TextBlock_60901762009897747850\"><span style=\"-webkit-tap-highlight-color: transparent; transition: none; font-size: 21.6px;\">Filiado no PSD desde a juventude, foi vice presidente da JSD da Figueira da Foz.<\/span><\/p>\n<p style=\"-webkit-tap-highlight-color: transparent; transition: none; padding: 0px 0px 1rem; margin: 0px; text-align: justify; color: rgba(0, 0, 0, 0.7); font-family: 'Raleway Flex', Raleway-Fallback, 'Apple Color Emoji', 'Noto Color Emoji', sans-serif; font-size: 18px; letter-spacing: normal; text-wrap-mode: wrap;\" data-wnd_is_separable=\"1\" data-wnd_separable_index=\"4\" data-wnd_separable_id=\"wnd_TextBlock_60901762009897747850\"><span style=\"-webkit-tap-highlight-color: transparent; transition: none; font-size: 21.6px;\">Tem sido membro nos v\u00e1rios mandatos da assembleia de Freguesia de Quiaios, da qual foi presidente no \u00faltimo mandato.<\/span><\/p>\n<p style=\"-webkit-tap-highlight-color: transparent; transition: none; padding: 0px 0px 1rem; margin: 0px; text-align: justify; color: rgba(0, 0, 0, 0.7); font-family: 'Raleway Flex', Raleway-Fallback, 'Apple Color Emoji', 'Noto Color Emoji', sans-serif; font-size: 18px; letter-spacing: normal; text-wrap-mode: wrap;\" data-wnd_is_separable=\"1\" data-wnd_separable_index=\"5\" data-wnd_separable_id=\"wnd_TextBlock_60901762009897747850\"><span style=\"-webkit-tap-highlight-color: transparent; transition: none; font-size: 21.6px;\">Ligado \u00e0 comunidade e cultura atrav\u00e9s de v\u00e1rias colectividades, onde j\u00e1 presidiu a Dire\u00e7\u00e3o de uma e Presidiu a assembleia de outras.<\/span><\/p>\n<p><span style=\"font-size: 21.6px; color: rgba(0, 0, 0, 0.7); font-family: 'Raleway Flex', Raleway-Fallback, 'Apple Color Emoji', 'Noto Color Emoji', sans-serif; letter-spacing: normal; text-align: justify;\">Portugu\u00eas, preocupado com as pessoas, e com a sua terra &#8211; PORTUGAL<\/span>.<\/p>\t\t\t\t\t\t\t\t<\/div>\n\t\t\t\t\t<\/div>\n\t\t\t\t<\/div>\n\t\t<div class=\"elementor-element elementor-element-c2d4ba7 e-flex e-con-boxed e-con e-parent\" data-id=\"c2d4ba7\" data-element_type=\"container\">\n\t\t\t\t\t<div class=\"e-con-inner\">\n\t\t\t\t<div class=\"elementor-element elementor-element-3c0e2d5 elementor-widget-divider--view-line elementor-widget elementor-widget-divider\" data-id=\"3c0e2d5\" data-element_type=\"widget\" data-widget_type=\"divider.default\">\n\t\t\t\t\t\t\t<div class=\"elementor-divider\">\n\t\t\t<span class=\"elementor-divider-separator\">\n\t\t\t\t\t\t<\/span>\n\t\t<\/div>\n\t\t\t\t\t\t<\/div>\n\t\t\t\t\t<\/div>\n\t\t\t\t<\/div>\n\t\t<div class=\"elementor-element elementor-element-4033157 e-flex e-con-boxed e-con e-parent\" data-id=\"4033157\" data-element_type=\"container\">\n\t\t\t\t\t<div class=\"e-con-inner\">\n\t\t\t\t<div class=\"elementor-element elementor-element-ebf07b2 elementor-widget elementor-widget-text-editor\" data-id=\"ebf07b2\" data-element_type=\"widget\" data-widget_type=\"text-editor.default\">\n\t\t\t\t\t\t\t\t\t<h1 style=\"-webkit-tap-highlight-color: transparent; font-size: 3.25rem; margin: 0px; transition: none; color: rgba(0, 0, 0, 0.85); padding: 0px 0px 1.875rem; text-align: center; position: relative; letter-spacing: normal; overflow: hidden; line-height: 1.3; font-family: 'Raleway Flex', Raleway-Fallback, 'Apple Color Emoji', 'Noto Color Emoji', sans-serif; text-wrap-mode: wrap;\" data-wnd_is_separable=\"1\" data-wnd_separable_index=\"0\" data-wnd_separable_id=\"wnd_TextBlock_28291762009897764619\"><span style=\"-webkit-tap-highlight-color: transparent; font-weight: bold; transition: none;\">Por Portugal<\/span><\/h1>\n<p style=\"-webkit-tap-highlight-color: transparent; transition: none; padding: 0px 0px 1rem; margin: 0px; color: rgba(0, 0, 0, 0.7); font-family: 'Raleway Flex', Raleway-Fallback, 'Apple Color Emoji', 'Noto Color Emoji', sans-serif; font-size: 18px; letter-spacing: normal; text-wrap-mode: wrap;\" data-wnd_is_separable=\"1\" data-wnd_separable_index=\"1\" data-wnd_separable_id=\"wnd_TextBlock_28291762009897764619\">Acredito num Portugal mais justo, transparente e solid\u00e1rio.<\/p>\n<p style=\"-webkit-tap-highlight-color: transparent; transition: none; padding: 0px 0px 1rem; margin: 0px; color: rgba(0, 0, 0, 0.7); font-family: 'Raleway Flex', Raleway-Fallback, 'Apple Color Emoji', 'Noto Color Emoji', sans-serif; font-size: 18px; letter-spacing: normal; text-wrap-mode: wrap;\" data-wnd_is_separable=\"1\" data-wnd_separable_index=\"2\" data-wnd_separable_id=\"wnd_TextBlock_28291762009897764619\">Um pa\u00eds onde o Estado serve o cidad\u00e3o e onde o trabalho, o m\u00e9rito e a honestidade voltam a ser valorizados.<\/p>\n<p style=\"-webkit-tap-highlight-color: transparent; transition: none; padding: 0px 0px 1rem; margin: 0px; color: rgba(0, 0, 0, 0.7); font-family: 'Raleway Flex', Raleway-Fallback, 'Apple Color Emoji', 'Noto Color Emoji', sans-serif; font-size: 18px; letter-spacing: normal; text-wrap-mode: wrap;\" data-wnd_is_separable=\"1\" data-wnd_separable_index=\"3\" data-wnd_separable_id=\"wnd_TextBlock_28291762009897764619\">Como candidato a Presidente da Rep\u00fablica, n\u00e3o governo mas poderei inspirar, fiscalizar e unir.<\/p>\n<p style=\"-webkit-tap-highlight-color: transparent; transition: none; padding: 0px 0px 1rem; margin: 0px; color: rgba(0, 0, 0, 0.7); font-family: 'Raleway Flex', Raleway-Fallback, 'Apple Color Emoji', 'Noto Color Emoji', sans-serif; font-size: 18px; letter-spacing: normal; text-wrap-mode: wrap;\" data-wnd_is_separable=\"1\" data-wnd_separable_index=\"4\" data-wnd_separable_id=\"wnd_TextBlock_28291762009897764619\">\u00a0<\/p>\n<p style=\"-webkit-tap-highlight-color: transparent; transition: none; padding: 0px 0px 1rem; margin: 0px; color: rgba(0, 0, 0, 0.7); font-family: 'Raleway Flex', Raleway-Fallback, 'Apple Color Emoji', 'Noto Color Emoji', sans-serif; font-size: 18px; letter-spacing: normal; text-wrap-mode: wrap;\" data-wnd_is_separable=\"1\" data-wnd_separable_index=\"5\" data-wnd_separable_id=\"wnd_TextBlock_28291762009897764619\">O Presidente tem o dever de defender o interesse nacional, garantir o equil\u00edbrio dos poderes e dar voz aos portugueses quando o pa\u00eds precisa de rumo e verdade.<\/p>\n<p style=\"-webkit-tap-highlight-color: transparent; transition: none; padding: 0px 0px 1rem; margin: 0px; color: rgba(0, 0, 0, 0.7); font-family: 'Raleway Flex', Raleway-Fallback, 'Apple Color Emoji', 'Noto Color Emoji', sans-serif; font-size: 18px; letter-spacing: normal; text-wrap-mode: wrap;\" data-wnd_is_separable=\"1\" data-wnd_separable_index=\"6\" data-wnd_separable_id=\"wnd_TextBlock_28291762009897764619\">Quero ser um Presidente ativo e pr\u00f3ximo, que promova o di\u00e1logo, valorize as boas pol\u00edticas e denuncie as injusti\u00e7as.<\/p>\n<p style=\"-webkit-tap-highlight-color: transparent; transition: none; padding: 0px 0px 1rem; margin: 0px; color: rgba(0, 0, 0, 0.7); font-family: 'Raleway Flex', Raleway-Fallback, 'Apple Color Emoji', 'Noto Color Emoji', sans-serif; font-size: 18px; letter-spacing: normal; text-wrap-mode: wrap;\" data-wnd_is_separable=\"1\" data-wnd_separable_index=\"7\" data-wnd_separable_id=\"wnd_TextBlock_28291762009897764619\">Um Presidente que defende:<\/p>\n<p style=\"-webkit-tap-highlight-color: transparent; transition: none; padding: 0px 0px 1rem; margin: 0px; color: rgba(0, 0, 0, 0.7); font-family: 'Raleway Flex', Raleway-Fallback, 'Apple Color Emoji', 'Noto Color Emoji', sans-serif; font-size: 18px; letter-spacing: normal; text-wrap-mode: wrap;\" data-wnd_is_separable=\"1\" data-wnd_separable_index=\"8\" data-wnd_separable_id=\"wnd_TextBlock_28291762009897764619\">\u00a0<\/p>\n<ul style=\"-webkit-tap-highlight-color: transparent; margin: 0px 0px 0px 1.25rem; padding: 0px 0px 1rem; transition: none; list-style: none; color: rgba(0, 0, 0, 0.7); font-family: 'Raleway Flex', Raleway-Fallback, 'Apple Color Emoji', 'Noto Color Emoji', sans-serif; font-size: 18px; letter-spacing: normal;\" data-wnd_is_separable=\"1\" data-wnd_separable_index=\"9\" data-wnd_separable_id=\"wnd_TextBlock_28291762009897764619\">\n<li style=\"-webkit-tap-highlight-color: transparent; transition: none; padding: 0px 0px 0.3125rem 2.5rem; position: relative;\">Uma economia ao servi\u00e7o das pessoas, que aposte nas pequenas e m\u00e9dias empresas e incentive o empreendedorismo jovem.<\/li>\n<li style=\"-webkit-tap-highlight-color: transparent; transition: none; padding: 0px 0px 0.3125rem 2.5rem; position: relative;\">Uma educa\u00e7\u00e3o moderna e humana, que prepare para o futuro sem esquecer os valores, a cultura e a hist\u00f3ria do nosso pa\u00eds.<\/li>\n<li style=\"-webkit-tap-highlight-color: transparent; transition: none; padding: 0px 0px 0.3125rem 2.5rem; position: relative;\">Uma sa\u00fade p\u00fablica digna, com menos burocracia e mais cuidados pr\u00f3ximos de quem precisa.<\/li>\n<li style=\"-webkit-tap-highlight-color: transparent; transition: none; padding: 0px 0px 0.3125rem 2.5rem; position: relative;\">Um Estado que respeita o contribuinte, que simplifica, presta contas e combate o desperd\u00edcio.<\/li>\n<li style=\"-webkit-tap-highlight-color: transparent; transition: none; padding: 0px 0px 0.3125rem 2.5rem; position: relative;\">Um Portugal que valoriza o mundo rural e o litoral, cuidando da terra, do mar e das comunidades que os sustentam.<\/li>\n<li style=\"-webkit-tap-highlight-color: transparent; transition: none; padding: 0px 0px 0px 2.5rem; position: relative;\">Uma cultura viva e inspiradora, que continue a afirmar a identidade e a alma do nosso povo.<\/li>\n<\/ul>\n<p style=\"-webkit-tap-highlight-color: transparent; transition: none; padding: 0px 0px 1rem; margin: 0px; color: rgba(0, 0, 0, 0.7); font-family: 'Raleway Flex', Raleway-Fallback, 'Apple Color Emoji', 'Noto Color Emoji', sans-serif; font-size: 18px; letter-spacing: normal; text-wrap-mode: wrap;\" data-wnd_is_separable=\"1\" data-wnd_separable_index=\"10\" data-wnd_separable_id=\"wnd_TextBlock_28291762009897764619\">\u00a0<\/p>\n<p style=\"-webkit-tap-highlight-color: transparent; transition: none; padding: 0px 0px 1rem; margin: 0px; color: rgba(0, 0, 0, 0.7); font-family: 'Raleway Flex', Raleway-Fallback, 'Apple Color Emoji', 'Noto Color Emoji', sans-serif; font-size: 18px; letter-spacing: normal; text-wrap-mode: wrap;\" data-wnd_is_separable=\"1\" data-wnd_separable_index=\"11\" data-wnd_separable_id=\"wnd_TextBlock_28291762009897764619\">Por Portugal, com verdade, com coragem e com dedica\u00e7\u00e3o.<\/p>\n<p><span style=\"color: rgba(0, 0, 0, 0.7); font-family: 'Raleway Flex', Raleway-Fallback, 'Apple Color Emoji', 'Noto Color Emoji', sans-serif; font-size: 18px; letter-spacing: normal;\">Porque o futuro faz-se com todos \u2014 por todos e para todos<\/span>.<\/p>\t\t\t\t\t\t\t\t<\/div>\n\t\t\t\t\t<\/div>\n\t\t\t\t<\/div>\n\t\t<div class=\"elementor-element elementor-element-c59f4b0 e-flex e-con-boxed e-con e-parent\" data-id=\"c59f4b0\" data-element_type=\"container\">\n\t\t\t\t\t<div class=\"e-con-inner\">\n\t\t\t\t<div class=\"elementor-element elementor-element-693fbc4 elementor-widget elementor-widget-text-editor\" data-id=\"693fbc4\" data-element_type=\"widget\" data-widget_type=\"text-editor.default\">\n\t\t\t\t\t\t\t\t\t<h3 style=\"-webkit-tap-highlight-color: transparent; transition: none; color: rgba(0, 0, 0, 0.85); padding: 0px 0px 0.375rem; text-align: center; position: relative; margin: 0px; letter-spacing: normal; overflow: hidden; font-size: 1.3125rem; line-height: 1.4; font-family: 'Raleway Flex', Raleway-Fallback, 'Apple Color Emoji', 'Noto Color Emoji', sans-serif; text-wrap-mode: wrap;\" data-wnd_is_separable=\"1\" data-wnd_separable_index=\"0\" data-wnd_separable_id=\"wnd_TextBlock_351762015847316404\"><span style=\"-webkit-tap-highlight-color: transparent; font-weight: bold; transition: none;\">Apoiar Candidatura com Chave M\u00f3vel Digital<\/span><\/h3>\n<p style=\"-webkit-tap-highlight-color: transparent; transition: none; padding: 0px 0px 0.875rem; margin: 0px; text-align: center; font-size: 1rem; line-height: 1.6; color: rgba(0, 0, 0, 0.7); font-family: 'Raleway Flex', Raleway-Fallback, 'Apple Color Emoji', 'Noto Color Emoji', sans-serif; letter-spacing: normal; text-wrap-mode: wrap;\" data-wnd_is_separable=\"1\" data-wnd_separable_index=\"1\" data-wnd_separable_id=\"wnd_TextBlock_351762015847316404\">Subscreva a candidatura de Vitor Miguel Ramos Ribeiro &#8211; POR PORTUGAL \u00e0s Elei\u00e7\u00f5es Presidenciais de janeiro de 2026.<\/p>\n<p style=\"-webkit-tap-highlight-color: transparent; transition: none; padding: 0px 0px 0.875rem; margin: 0px; text-align: center; font-size: 1rem; line-height: 1.6; color: rgba(0, 0, 0, 0.7); font-family: 'Raleway Flex', Raleway-Fallback, 'Apple Color Emoji', 'Noto Color Emoji', sans-serif; letter-spacing: normal; text-wrap-mode: wrap;\" data-wnd_is_separable=\"1\" data-wnd_separable_index=\"2\" data-wnd_separable_id=\"wnd_TextBlock_351762015847316404\">https:\/\/www.portaldacandidatura.mai.gov.pt\/candidatura\/2826<\/p>\n<p style=\"-webkit-tap-highlight-color: transparent; transition: none; padding: 0px 0px 0.875rem; margin: 0px; text-align: center; font-size: 1rem; line-height: 1.6; color: rgba(0, 0, 0, 0.7); font-family: 'Raleway Flex', Raleway-Fallback, 'Apple Color Emoji', 'Noto Color Emoji', sans-serif; letter-spacing: normal; text-wrap-mode: wrap;\" data-wnd_is_separable=\"1\" data-wnd_separable_index=\"3\" data-wnd_separable_id=\"wnd_TextBlock_351762015847316404\">Para tal, basta aceder ao Portal da Candidatura, autenticar-se atrav\u00e9s da chave m\u00f3vel digital e clicar no bot\u00e3o apoiar<\/p>\n<p><span style=\"color: rgba(0, 0, 0, 0.7); font-family: 'Raleway Flex', Raleway-Fallback, 'Apple Color Emoji', 'Noto Color Emoji', sans-serif; font-size: 1rem; letter-spacing: normal; text-align: center;\">Clique no bot\u00e3o acima que ser\u00e1 redirecionado para o portal da candidatura!<\/span><\/p>\t\t\t\t\t\t\t\t<\/div>\n\t\t\t\t\t<\/div>\n\t\t\t\t<\/div>\n\t\t<div class=\"elementor-element elementor-element-642679d e-flex e-con-boxed e-con e-parent\" data-id=\"642679d\" data-element_type=\"container\">\n\t\t\t\t\t<div class=\"e-con-inner\">\n\t\t\t\t<div class=\"elementor-element elementor-element-c7a8094 elementor-widget elementor-widget-text-editor\" data-id=\"c7a8094\" data-element_type=\"widget\" data-widget_type=\"text-editor.default\">\n\t\t\t\t\t\t\t\t\t<h3 id=\"wnd_TextBlock_69351762015847318101_inner_0\" style=\"-webkit-tap-highlight-color: transparent; transition: none; color: rgba(0, 0, 0, 0.85); padding: 0px 0px 0.375rem; text-align: center; position: relative; margin: 0px; letter-spacing: normal; overflow: hidden; font-size: 1.3125rem; line-height: 1.4; font-family: 'Raleway Flex', Raleway-Fallback, 'Apple Color Emoji', 'Noto Color Emoji', sans-serif; text-wrap-mode: wrap;\" data-wnd_is_separable=\"1\" data-wnd_separable_index=\"0\" data-wnd_separable_id=\"wnd_TextBlock_69351762015847318101\"><span style=\"-webkit-tap-highlight-color: transparent; font-weight: bold; transition: none;\">Apoiar Candidatura com o m\u00e9todo tradicional<\/span><\/h3>\n<p id=\"wnd_TextBlock_69351762015847318101_inner_1\" class=\"direction-ltr para-style-body wnd-align-justify\" style=\"-webkit-tap-highlight-color: transparent; transition: none; padding: 0px 0px 0.875rem; margin: 0px; text-align: justify; font-size: 1rem; line-height: 1.6; color: rgba(0, 0, 0, 0.7); font-family: 'Raleway Flex', Raleway-Fallback, 'Apple Color Emoji', 'Noto Color Emoji', sans-serif; letter-spacing: normal; text-wrap-mode: wrap;\" data-wnd_is_separable=\"1\" data-wnd_separable_index=\"1\" data-wnd_separable_id=\"wnd_TextBlock_69351762015847318101\">Caso n\u00e3o tenha chave m\u00f3vel digital, poder\u00e1 subscrever a candidatura atrav\u00e9s do m\u00e9todo tradicional:<\/p>\n<p id=\"wnd_TextBlock_69351762015847318101_inner_2\" class=\"direction-ltr para-style-body wnd-align-justify\" style=\"-webkit-tap-highlight-color: transparent; transition: none; padding: 0px 0px 0.875rem; margin: 0px; text-align: justify; font-size: 1rem; line-height: 1.6; color: rgba(0, 0, 0, 0.7); font-family: 'Raleway Flex', Raleway-Fallback, 'Apple Color Emoji', 'Noto Color Emoji', sans-serif; letter-spacing: normal; text-wrap-mode: wrap;\" data-wnd_is_separable=\"1\" data-wnd_separable_index=\"2\" data-wnd_separable_id=\"wnd_TextBlock_69351762015847318101\"><span style=\"-webkit-tap-highlight-color: transparent; font-weight: 600; transition: none; text-align: center;\">Ficha de subscri\u00e7\u00e3o da candidatura<\/span>\u00a0com assinatura igual ao Cart\u00e3o do Cidad\u00e3o.<\/p>\n<p id=\"wnd_TextBlock_69351762015847318101_inner_3\" class=\"direction-ltr para-style-body wnd-align-justify\" style=\"-webkit-tap-highlight-color: transparent; transition: none; padding: 0px 0px 0.875rem; margin: 0px; text-align: justify; font-size: 1rem; line-height: 1.6; color: rgba(0, 0, 0, 0.7); font-family: 'Raleway Flex', Raleway-Fallback, 'Apple Color Emoji', 'Noto Color Emoji', sans-serif; letter-spacing: normal; text-wrap-mode: wrap;\" data-wnd_is_separable=\"1\" data-wnd_separable_index=\"3\" data-wnd_separable_id=\"wnd_TextBlock_69351762015847318101\">A declara\u00e7\u00e3o deve conter, quanto a cada proponente, o nome completo, n\u00famero, data e entidade emitente do cart\u00e3o de cidad\u00e3o\/bilhete de identidade ou passaporte, a freguesia\/posto de recenseamento e a assinatura.<\/p>\n<p id=\"wnd_TextBlock_69351762015847318101_inner_4\" class=\"direction-ltr para-style-body wnd-align-justify\" style=\"-webkit-tap-highlight-color: transparent; transition: none; padding: 0px 0px 0.875rem; margin: 0px; text-align: justify; font-size: 1rem; line-height: 1.6; color: rgba(0, 0, 0, 0.7); font-family: 'Raleway Flex', Raleway-Fallback, 'Apple Color Emoji', 'Noto Color Emoji', sans-serif; letter-spacing: normal; text-wrap-mode: wrap;\" data-wnd_is_separable=\"1\" data-wnd_separable_index=\"4\" data-wnd_separable_id=\"wnd_TextBlock_69351762015847318101\">Cada cidad\u00e3o eleitor s\u00f3 poder\u00e1 ser proponente de uma \u00fanica candidatura \u00e0 Presid\u00eancia da Rep\u00fablica, pelo que o mesmo deve declarar que subscreve uma \u00fanica candidatura.<\/p>\n<p id=\"wnd_TextBlock_69351762015847318101_inner_5\" class=\"direction-ltr para-style-body wnd-align-justify\" style=\"-webkit-tap-highlight-color: transparent; transition: none; padding: 0px 0px 0.875rem; margin: 0px; text-align: justify; font-size: 1rem; line-height: 1.6; color: rgba(0, 0, 0, 0.7); font-family: 'Raleway Flex', Raleway-Fallback, 'Apple Color Emoji', 'Noto Color Emoji', sans-serif; letter-spacing: normal; text-wrap-mode: wrap;\" data-wnd_is_separable=\"1\" data-wnd_separable_index=\"5\" data-wnd_separable_id=\"wnd_TextBlock_69351762015847318101\">C\u00f3pia do Cart\u00e3o de Cidad\u00e3o (n\u00e3o \u00e9 obrigat\u00f3ria, mas \u00e9 desej\u00e1vel para efeitos de conferencia dos dados)<\/p>\n<p id=\"wnd_TextBlock_69351762015847318101_inner_6\" class=\"direction-ltr para-style-body wnd-align-justify\" style=\"-webkit-tap-highlight-color: transparent; transition: none; padding: 0px 0px 0.875rem; margin: 0px; text-align: justify; font-size: 1rem; line-height: 1.6; color: rgba(0, 0, 0, 0.7); font-family: 'Raleway Flex', Raleway-Fallback, 'Apple Color Emoji', 'Noto Color Emoji', sans-serif; letter-spacing: normal; text-wrap-mode: wrap;\" data-wnd_is_separable=\"1\" data-wnd_separable_index=\"6\" data-wnd_separable_id=\"wnd_TextBlock_69351762015847318101\">Certid\u00e3o de Inscri\u00e7\u00e3o no Recenseamento Eleitoral<\/p>\n<p id=\"wnd_TextBlock_69351762015847318101_inner_7\" class=\"direction-ltr para-style-body wnd-align-justify\" style=\"-webkit-tap-highlight-color: transparent; transition: none; padding: 0px 0px 0.875rem; margin: 0px; text-align: justify; font-size: 1rem; line-height: 1.6; color: rgba(0, 0, 0, 0.7); font-family: 'Raleway Flex', Raleway-Fallback, 'Apple Color Emoji', 'Noto Color Emoji', sans-serif; letter-spacing: normal; text-wrap-mode: wrap;\" data-wnd_is_separable=\"1\" data-wnd_separable_index=\"7\" data-wnd_separable_id=\"wnd_TextBlock_69351762015847318101\">Pode ser emitida pelo pr\u00f3prio no Portal do Eleitor<\/p>\n<p id=\"wnd_TextBlock_69351762015847318101_inner_8\" class=\"direction-ltr para-style-body wnd-align-justify\" style=\"-webkit-tap-highlight-color: transparent; transition: none; padding: 0px 0px 0.875rem; margin: 0px; text-align: justify; font-size: 1rem; line-height: 1.6; color: rgba(0, 0, 0, 0.7); font-family: 'Raleway Flex', Raleway-Fallback, 'Apple Color Emoji', 'Noto Color Emoji', sans-serif; letter-spacing: normal; text-wrap-mode: wrap;\" data-wnd_is_separable=\"1\" data-wnd_separable_index=\"8\" data-wnd_separable_id=\"wnd_TextBlock_69351762015847318101\">Pode ser solicitada, mediante requerimento ao Presidente da Junta de Freguesia.<\/p>\n<p><span style=\"color: rgba(0, 0, 0, 0.7); font-family: 'Raleway Flex', Raleway-Fallback, 'Apple Color Emoji', 'Noto Color Emoji', sans-serif; font-size: 1rem; letter-spacing: normal; text-align: justify;\">Originais devem ser entregues ao candidato ou ao mandat\u00e1rio da candidatura ou enviados por correio para Rua da Liberdade n\u00ba6 3080-556 FIGUEIRA DA FOZ<\/span>.<\/p>\t\t\t\t\t\t\t\t<\/div>\n\t\t\t\t\t<\/div>\n\t\t\t\t<\/div>\n\t\t\t\t<\/div>\n\t\t","protected":false},"excerpt":{"rendered":"<p>Biografia Vitor Miguel Ramos Ribeiro, nascido em S\u00e3o Juli\u00e3o da Figueira da Foz em 1986, mudou-se para Quiaios em 1995 e a\u00ed reside desde ent\u00e3o. Filiado no PSD desde a juventude, foi vice presidente da JSD da Figueira da Foz. Tem sido membro nos v\u00e1rios mandatos da assembleia de Freguesia de Quiaios, da qual foi [&hellip;]<\/p>\n","protected":false},"author":1,"featured_media":9,"parent":0,"menu_order":0,"comment_status":"closed","ping_status":"closed","template":"","meta":{"footnotes":""},"class_list":["post-7","page","type-page","status-publish","has-post-thumbnail","hentry"],"_links":{"self":[{"href":"https:\/\/vitorribeiro2026.pt\/index.php\/wp-json\/wp\/v2\/pages\/7","targetHints":{"allow":["GET"]}}],"collection":[{"href":"https:\/\/vitorribeiro2026.pt\/index.php\/wp-json\/wp\/v2\/pages"}],"about":[{"href":"https:\/\/vitorribeiro2026.pt\/index.php\/wp-json\/wp\/v2\/types\/page"}],"author":[{"embeddable":true,"href":"https:\/\/vitorribeiro2026.pt\/index.php\/wp-json\/wp\/v2\/users\/1"}],"replies":[{"embeddable":true,"href":"https:\/\/vitorribeiro2026.pt\/index.php\/wp-json\/wp\/v2\/comments?post=7"}],"version-history":[{"count":8,"href":"https:\/\/vitorribeiro2026.pt\/index.php\/wp-json\/wp\/v2\/pages\/7\/revisions"}],"predecessor-version":[{"id":21,"href":"https:\/\/vitorribeiro2026.pt\/index.php\/wp-json\/wp\/v2\/pages\/7\/revisions\/21"}],"wp:featuredmedia":[{"embeddable":true,"href":"https:\/\/vitorribeiro2026.pt\/index.php\/wp-json\/wp\/v2\/media\/9"}],"wp:attachment":[{"href":"https:\/\/vitorribeiro2026.pt\/index.php\/wp-json\/wp\/v2\/media?parent=7"}],"curies":[{"name":"wp","href":"https:\/\/api.w.org\/{rel}","templated":true}]}}